{"id":969,"date":"2023-02-09T03:54:56","date_gmt":"2023-02-09T08:54:56","guid":{"rendered":"https:\/\/booking.totemaviation.ca\/?page_id=969"},"modified":"2024-07-10T14:40:25","modified_gmt":"2024-07-10T18:40:25","slug":"activites","status":"publish","type":"page","link":"https:\/\/www.totemaviation.ca\/en\/activites\/","title":{"rendered":"6 ways to get a unique view with our sightseeing flight"},"content":{"rendered":"\n<p><\/p>\n\n<div class=\"wp-block-uagb-container uagb-block-a07e139c alignfull uagb-is-root-container\"><div class=\"uagb-container-inner-blocks-wrap\">\n<div class=\"wp-block-uagb-advanced-heading uagb-block-3733af62\"><h1 class=\"uagb-heading-text\">Activit\u00e9s<\/h1><\/div>\n<\/div><\/div>\n\n<div class=\"wp-block-uagb-container uagb-block-903645d9 alignfull uagb-is-root-container\"><div class=\"uagb-container-inner-blocks-wrap\">\n<div class=\"wp-block-uagb-container uagb-block-d5e7ddae\">\n<div class=\"wp-block-uagb-info-box uagb-block-6534d614 uagb-infobox__content-wrap  uagb-infobox-icon-above-title uagb-infobox-image-valign-top\"><div class=\"uagb-ifb-content\"><div class=\"uagb-ifb-title-wrap\"><h2 class=\"uagb-ifb-title\">Combo Air et Mer<\/h2><\/div><p class=\"uagb-ifb-desc\">Venez voir les baleines en mer et du haut des airs gr\u00e2ce \u00e0<br\/>Croisi\u00e8re Escoumins et <a rel=\"noreferrer noopener\" href=\"https:\/\/www.totemaviation.ca\/en\/\" target=\"_blank\">Totem Aviation<\/a>!<br\/>Ce forfait unique sur la C\u00f4te-Nord comprend<br\/>2 heures de zodiac ainsi que 30 minutes de vol<br\/>au-dessus du fleuve Saint-Laurent et de Tadoussac !<br\/><\/p><div class=\"uagb-ifb-button-wrapper wp-block-button\"><a href=\"#\" class=\"uagb-infobox-cta-link wp-block-button__link\" target=\"_self\" rel=\"noopener noreferrer\" alt=\"\"><span class=\"uagb-inline-editing\">En savoir +<\/span><\/a><\/div><\/div><\/div>\n<\/div>\n\n\n\n<div class=\"wp-block-uagb-container uagb-block-ab3c9f1a\">\n<div class=\"wp-block-uagb-image aligncenter uagb-block-5a8222b0 wp-block-uagb-image--layout-default wp-block-uagb-image--effect-static wp-block-uagb-image--align-center\"><figure class=\"wp-block-uagb-image__figure\"><img decoding=\"async\" srcset=\"https:\/\/booking.totemaviation.ca\/wp-content\/uploads\/2023\/02\/Air-Mer-siteweb.jpg \" src=\"https:\/\/booking.totemaviation.ca\/wp-content\/uploads\/2023\/02\/Air-Mer-siteweb.jpg\" alt=\"\" class=\"uag-image-1025\" width=\"370\" height=\"493\" title=\"\" loading=\"lazy\"\/><\/figure><\/div>\n<\/div>\n<\/div><\/div>\n\n<div class=\"wp-block-uagb-container uagb-block-6a0f4bd6 alignfull uagb-is-root-container\"><div class=\"uagb-container-inner-blocks-wrap\">\n<div class=\"inherit-container-width wp-block-group uag-hide-mob is-layout-constrained wp-container-core-group-is-layout-0aab3da3 wp-block-group-is-layout-constrained\" style=\"border-style:none;border-width:0px;border-radius:0px;padding-top:var(--wp--preset--spacing--80);padding-right:var(--wp--preset--spacing--80);padding-bottom:var(--wp--preset--spacing--80);padding-left:var(--wp--preset--spacing--80)\">\n<div class=\"inherit-container-width wp-block-group is-layout-constrained wp-block-group-is-layout-constrained\">\n<div class=\"wp-block-uagb-star-rating uagb-block-77e13ffa\"><p class=\"uag-star-rating__title\">Service A1, pilote super sympathique, je recommande ++++. Un incontournable lors d&#8217;un s\u00e9jour \u00e0 Tadoussac !  <br><strong>Emilie <\/strong> <strong>Groleau<\/strong><\/p><div class=\"uag-star-rating\" title=\"5\/5\"><span class=\"uag-star\">\u2605<\/span><span class=\"uag-star\">\u2605<\/span><span class=\"uag-star\">\u2605<\/span><span class=\"uag-star\">\u2605<\/span><span class=\"uag-star\">\u2605<\/span><\/div><\/div>\n<\/div>\n\n\n\n<div class=\"wp-block-uagb-star-rating uagb-block-1c03ee30\"><p class=\"uag-star-rating__title\">Superbe vol ! Avec un pilote passionn\u00e9 et tr\u00e8s dou\u00e9 ! Paysage \u00e0 coup\u00e9 le souffle. La demie heure passe beaucoup trop vite ! A faire absolument !  <br><strong>Quentin Bonnaudet<\/strong><\/p><div class=\"uag-star-rating\" title=\"5\/5\"><span class=\"uag-star\">\u2605<\/span><span class=\"uag-star\">\u2605<\/span><span class=\"uag-star\">\u2605<\/span><span class=\"uag-star\">\u2605<\/span><span class=\"uag-star\">\u2605<\/span><\/div><\/div>\n\n\n\n<div class=\"wp-block-uagb-star-rating uagb-block-e072de06\"><p class=\"uag-star-rating__title\">Exp\u00e9rience inoubliable ! Cadeau de f\u00eate \u00e0 mon conjoint et je vous jure qu&#8217;il va s&#8217;en rappeler longtemps ! Pilote tout simplement extraordinaire ! 5\/5 tr\u00e8s fortement recommand\u00e9 !  <br><strong>Coralie Bizier<\/strong><\/p><div class=\"uag-star-rating\" title=\"5\/5\"><span class=\"uag-star\">\u2605<\/span><span class=\"uag-star\">\u2605<\/span><span class=\"uag-star\">\u2605<\/span><span class=\"uag-star\">\u2605<\/span><span class=\"uag-star\">\u2605<\/span><\/div><\/div>\n<\/div>\n<\/div><\/div>\n\n<div class=\"wp-block-uagb-container uagb-block-cf3018d4 alignfull uagb-is-root-container\"><div class=\"uagb-container-inner-blocks-wrap\">\n<div class=\"wp-block-uagb-container uagb-block-d6f0387d\">\n<p class=\"has-text-align-right has-vivid-red-color has-text-color\"><strong>\u00c0 partir de 55$\/personne<\/strong><\/p>\n\n\n\n<div class=\"wp-block-uagb-image aligncenter uagb-block-36df008e wp-block-uagb-image--layout-default wp-block-uagb-image--effect-static wp-block-uagb-image--align-center\"><figure class=\"wp-block-uagb-image__figure\"><img decoding=\"async\" srcset=\"https:\/\/booking.totemaviation.ca\/wp-content\/uploads\/2023\/02\/Escoumins15.png \" src=\"https:\/\/booking.totemaviation.ca\/wp-content\/uploads\/2023\/02\/Escoumins15.png\" alt=\"\" class=\"uag-image-1031\" width=\"300\" height=\"240\" title=\"\" loading=\"lazy\"\/><\/figure><\/div>\n<\/div>\n\n\n\n<div class=\"wp-block-uagb-container uagb-block-6f2d0a10\">\n<div class=\"wp-block-uagb-info-box uagb-block-f3120eb3 uagb-infobox__content-wrap  uagb-infobox-icon-above-title uagb-infobox-image-valign-top\"><div class=\"uagb-ifb-content\"><div class=\"uagb-ifb-title-wrap\"><h2 class=\"uagb-ifb-title\">Escoumins 15<\/h2><\/div><p class=\"uagb-ifb-desc\">Ce survol de 15 minutes entre Les Escoumins et Bergeronnes vous offre la possibilit\u00e9 d&#8217;observer le trafic maritime et les baleines. Vous d\u00e9couvrirez des paysages majestueux avec vue sur l&#8217;architecture des villages avec for\u00eats et lacs \u00e0 perte de vue.<\/p><div class=\"uagb-ifb-button-wrapper wp-block-button\"><a href=\"#\" class=\"uagb-infobox-cta-link wp-block-button__link\" target=\"_self\" rel=\"noopener noreferrer\" alt=\"\"><span class=\"uagb-inline-editing\">En savoir +<\/span><\/a><\/div><\/div><\/div>\n<\/div>\n<\/div><\/div>\n\n<hr class=\"wp-block-separator has-alpha-channel-opacity is-style-default\"\/>\n\n<div class=\"wp-block-uagb-container uagb-block-84004c63 alignfull uagb-is-root-container\"><div class=\"uagb-container-inner-blocks-wrap\">\n<div class=\"wp-block-uagb-container uagb-block-5e9932e9\">\n<div class=\"wp-block-uagb-info-box uagb-block-91346f74 uagb-infobox__content-wrap  uagb-infobox-icon-above-title uagb-infobox-image-valign-top\"><div class=\"uagb-ifb-content\"><div class=\"uagb-ifb-title-wrap\"><h2 class=\"uagb-ifb-title\">Fjord 30<\/h2><\/div><p class=\"uagb-ifb-desc\">Ce survol de 30 minutes entre Les Escoumins et Tadoussac vous livre une vue imprenable sur le fjord du Saguenay, en plus d&#8217;observer le trafic maritime et les baleines. Vous d\u00e9couvrirez Tadoussac et ses environs, avec des lieux historiques marqu\u00e9s par les d\u00e9buts de la Nouvelle-France. Imaginez la rencontre de Jacques Cartier, puis de Samuel de Champlain avec les Premi\u00e8res Nations !<\/p><div class=\"uagb-ifb-button-wrapper wp-block-button\"><a href=\"#\" class=\"uagb-infobox-cta-link wp-block-button__link\" target=\"_self\" rel=\"noopener noreferrer\" alt=\"\"><span class=\"uagb-inline-editing\">En savoir +<\/span><\/a><\/div><\/div><\/div>\n<\/div>\n\n\n\n<div class=\"wp-block-uagb-container uagb-block-b37b04e6\">\n<p class=\"has-text-align-left has-vivid-red-color has-text-color\"><strong>\u00c0 partir de 98$\/personne<\/strong><\/p>\n\n\n\n<div class=\"wp-block-uagb-image aligncenter uagb-block-48155d5a wp-block-uagb-image--layout-default wp-block-uagb-image--effect-static wp-block-uagb-image--align-center\"><figure class=\"wp-block-uagb-image__figure\"><img decoding=\"async\" srcset=\"https:\/\/booking.totemaviation.ca\/wp-content\/uploads\/2023\/02\/Fjord30.png \" src=\"https:\/\/booking.totemaviation.ca\/wp-content\/uploads\/2023\/02\/Fjord30.png\" alt=\"\" class=\"uag-image-1032\" width=\"300\" height=\"273\" title=\"\" loading=\"lazy\"\/><\/figure><\/div>\n<\/div>\n<\/div><\/div>\n\n<hr class=\"wp-block-separator has-alpha-channel-opacity\"\/>\n\n<div class=\"wp-block-uagb-container uagb-block-58bd4d36 alignfull uagb-is-root-container\"><div class=\"uagb-container-inner-blocks-wrap\">\n<div class=\"wp-block-uagb-container uagb-block-24a8e608\">\n<p class=\"has-text-align-right has-vivid-red-color has-text-color\"><strong>\u00c0 partir de 143$\/personne<\/strong><\/p>\n\n\n\n<div class=\"wp-block-uagb-image aligncenter uagb-block-eb8a1c72 wp-block-uagb-image--layout-default wp-block-uagb-image--effect-static wp-block-uagb-image--align-center\"><figure class=\"wp-block-uagb-image__figure\"><img decoding=\"async\" srcset=\"https:\/\/booking.totemaviation.ca\/wp-content\/uploads\/2023\/02\/Fjord45.png \" src=\"https:\/\/booking.totemaviation.ca\/wp-content\/uploads\/2023\/02\/Fjord45.png\" alt=\"\" class=\"uag-image-1056\" width=\"300\" height=\"227\" title=\"\" loading=\"lazy\"\/><\/figure><\/div>\n<\/div>\n\n\n\n<div class=\"wp-block-uagb-container uagb-block-73b076d2\">\n<div class=\"wp-block-uagb-info-box uagb-block-c1af65a6 uagb-infobox__content-wrap  uagb-infobox-icon-above-title uagb-infobox-image-valign-top\"><div class=\"uagb-ifb-content\"><div class=\"uagb-ifb-title-wrap\"><h2 class=\"uagb-ifb-title\">Fjord 45<\/h2><\/div><p class=\"uagb-ifb-desc\">Ce survol de 45 minutes entre Les Escoumins et l&#8217;embouchure de la rivi\u00e8re Sainte-Marguerite en passant par Tadoussac, vous livre une vue imprenable sur le fjord du Saguenay en plus d&#8217;observer le trafic maritime et les baleines. Vous d\u00e9couvrirez Tadoussac et ses environs, avec des lieux historiques marqu\u00e9s par les d\u00e9buts de la Nouvelle-France et vous serez stup\u00e9fait devant ce que la nature a fa\u00e7onn\u00e9.<\/p><div class=\"uagb-ifb-button-wrapper wp-block-button\"><a href=\"#\" class=\"uagb-infobox-cta-link wp-block-button__link\" target=\"_self\" rel=\"noopener noreferrer\" alt=\"\"><span class=\"uagb-inline-editing\">En savoir +<\/span><\/a><\/div><\/div><\/div>\n<\/div>\n<\/div><\/div>\n\n<div class=\"wp-block-uagb-container uagb-block-2a76a63c alignfull uagb-is-root-container\"><div class=\"uagb-container-inner-blocks-wrap\">\n<h2 class=\"has-text-align-center has-ast-global-color-5-color has-ffffff-background-color has-text-color has-background wp-block-heading\" style=\"margin-top:var(--wp--preset--spacing--80);margin-right:var(--wp--preset--spacing--80);margin-bottom:var(--wp--preset--spacing--80);margin-left:var(--wp--preset--spacing--80);padding-top:var(--wp--preset--spacing--70);padding-right:var(--wp--preset--spacing--70);padding-bottom:var(--wp--preset--spacing--70);padding-left:var(--wp--preset--spacing--70)\"><strong>Vous voudriez d\u00e9couvrir la C\u00f4te-Nord d&#8217;une nouvelle fa\u00e7on ?<\/strong><\/h2>\n\n\n\n<p class=\"has-text-align-center has-ast-global-color-5-color has-ffffff-background-color has-text-color has-background\" style=\"margin-top:var(--wp--preset--spacing--60);margin-right:var(--wp--preset--spacing--60);margin-bottom:var(--wp--preset--spacing--60);margin-left:var(--wp--preset--spacing--60);padding-top:var(--wp--preset--spacing--60);padding-right:var(--wp--preset--spacing--60);padding-bottom:var(--wp--preset--spacing--60);padding-left:var(--wp--preset--spacing--60)\"><strong>N&#8217;attendez plus et r\u00e9servez votre excursion d\u00e8s maintenant !<\/strong><\/p>\n<\/div><\/div>\n\n<div class=\"wp-block-uagb-container uagb-block-e2fd0fa8 alignfull uagb-is-root-container\"><div class=\"uagb-container-inner-blocks-wrap\">\n<div class=\"wp-block-uagb-container uagb-block-d5705705\">\n<div class=\"wp-block-uagb-info-box uagb-block-d7719d6a uagb-infobox__content-wrap  uagb-infobox-icon-above-title uagb-infobox-image-valign-top\"><div class=\"uagb-ifb-content\"><div class=\"uagb-ifb-title-wrap\"><h2 class=\"uagb-ifb-title\">Hautes-Gorges 90<\/h2><\/div><p class=\"uagb-ifb-desc\">Ce survol de 90 minutes entre Les Escoumins et L&#8217;Anse-Saint-Jean en passant par Tadoussac et La Malbaie, vous livre une vue imprenable sur le fjord du Saguenay en plus d&#8217;observer le trafic maritime et les baleines, vous pourrez observer les manoirs de Charlevoix ainsi que les Hautes-Gorges-de-la-Rivi\u00e8re-Malbaie jusqu&#8217;\u00e0 L&#8217;Anse-Saint-Jean, des flans de montagne escarp\u00e9s. Un d\u00e9cor \u00e0 couper le souffle !<\/p><div class=\"uagb-ifb-button-wrapper wp-block-button\"><a href=\"#\" class=\"uagb-infobox-cta-link wp-block-button__link\" target=\"_self\" rel=\"noopener noreferrer\" alt=\"\"><span class=\"uagb-inline-editing\">En savoir +<\/span><\/a><\/div><\/div><\/div>\n<\/div>\n\n\n\n<div class=\"wp-block-uagb-container uagb-block-64b183e8\">\n<p class=\"has-text-align-left has-vivid-red-color has-text-color\"><strong>\u00c0 partir de 227$\/personne<\/strong><\/p>\n\n\n\n<div class=\"wp-block-uagb-image aligncenter uagb-block-766dcb1b wp-block-uagb-image--layout-default wp-block-uagb-image--effect-static wp-block-uagb-image--align-center\"><figure class=\"wp-block-uagb-image__figure\"><img decoding=\"async\" srcset=\"https:\/\/booking.totemaviation.ca\/wp-content\/uploads\/2023\/02\/Fjord30.png \" src=\"https:\/\/booking.totemaviation.ca\/wp-content\/uploads\/2023\/02\/Fjord30.png\" alt=\"\" class=\"uag-image-1032\" width=\"300\" height=\"273\" title=\"\" loading=\"lazy\"\/><\/figure><\/div>\n<\/div>\n<\/div><\/div>\n\n<div class=\"wp-block-uagb-container uagb-block-96c39f72 alignfull uagb-is-root-container\"><div class=\"uagb-container-inner-blocks-wrap\">\n<p class=\"has-text-align-center has-white-color has-text-color has-background has-medium-font-size\" style=\"background:radial-gradient(rgb(97,97,97) 0%,rgba(191,191,191,0) 57%);margin-top:var(--wp--preset--spacing--80);margin-right:var(--wp--preset--spacing--80);margin-bottom:var(--wp--preset--spacing--80);margin-left:var(--wp--preset--spacing--80);padding-top:var(--wp--preset--spacing--80);padding-right:var(--wp--preset--spacing--80);padding-bottom:var(--wp--preset--spacing--80);padding-left:var(--wp--preset--spacing--80)\"><strong>Manic 5 est situ\u00e9 au nord, \u00e0 265 km \u00e0 vol d&#8217;oiseau de nos installations. Tout au long de cette excursion nous pouvons observer diff\u00e9rents ouvrage hydro\u00e9lectrique.<\/strong><\/p>\n<\/div><\/div>\n\n<div class=\"wp-block-uagb-container uagb-block-a4310dd1 alignfull uagb-is-root-container\"><div class=\"uagb-container-inner-blocks-wrap\">\n<div class=\"wp-block-uagb-container uagb-block-e8851b6f\">\n<p class=\"has-text-align-right has-vivid-red-color has-text-color\"><strong>\u00c0 partir de 615$\/personne<\/strong><\/p>\n\n\n\n<div class=\"wp-block-uagb-image aligncenter uagb-block-d13772e8 wp-block-uagb-image--layout-default wp-block-uagb-image--effect-static wp-block-uagb-image--align-center\"><figure class=\"wp-block-uagb-image__figure\"><img decoding=\"async\" srcset=\"https:\/\/booking.totemaviation.ca\/wp-content\/uploads\/2023\/02\/Manic5.png \" src=\"https:\/\/booking.totemaviation.ca\/wp-content\/uploads\/2023\/02\/Manic5.png\" alt=\"\" class=\"uag-image-1057\" width=\"300\" height=\"382\" title=\"\" loading=\"lazy\"\/><\/figure><\/div>\n<\/div>\n\n\n\n<div class=\"wp-block-uagb-container uagb-block-ca766acf\">\n<div class=\"wp-block-uagb-info-box uagb-block-730fd01e uagb-infobox__content-wrap  uagb-infobox-icon-above-title uagb-infobox-image-valign-top\"><div class=\"uagb-ifb-content\"><div class=\"uagb-ifb-title-wrap\"><h2 class=\"uagb-ifb-title\">Manic 5<\/h2><\/div><p class=\"uagb-ifb-desc\">Ce survol de 45 minutes entre Les Escoumins et l&#8217;embouchure de la rivi\u00e8re Sainte-Marguerite en passant par Tadoussac, vous livre une vue imprenable sur le fjord du Saguenay en plus d&#8217;observer le trafic maritime et les baleines. Vous d\u00e9couvrirez Tadoussac et ses environs, avec des lieux historiques marqu\u00e9s par les d\u00e9buts de la Nouvelle-France et vous serez stup\u00e9fait devant ce que la nature a fa\u00e7onn\u00e9.<\/p><div class=\"uagb-ifb-button-wrapper wp-block-button\"><a href=\"#\" class=\"uagb-infobox-cta-link wp-block-button__link\" target=\"_self\" rel=\"noopener noreferrer\" alt=\"\"><span class=\"uagb-inline-editing\">En savoir +<\/span><\/a><\/div><\/div><\/div>\n<\/div>\n<\/div><\/div>\n\n<div class=\"wp-block-uagb-container uagb-block-70919aff alignfull uagb-is-root-container\"><div class=\"uagb-container-inner-blocks-wrap\">\n<div class=\"wp-block-uagb-advanced-heading uagb-block-d0bcf3fa\"><h2 class=\"uagb-heading-text\">F.A.Q.<\/h2><p class=\"uagb-desc-text\">Bon \u00e0 savoir<\/p><\/div>\n\n\n<div class=\"wp-block-uagb-faq uagb-faq__outer-wrap uagb-block-4aba718d uagb-faq-icon-row-reverse uagb-faq-layout-accordion uagb-faq-expand-first-false uagb-faq-inactive-other-true uagb-faq__wrap uagb-buttons-layout-wrap uagb-faq-equal-height     \" data-faqtoggle=\"true\" role=\"tablist\"><div class=\"wp-block-uagb-faq-child uagb-faq-child__outer-wrap uagb-faq-item uagb-block-eaa4d8cb \" role=\"tab\" tabindex=\"0\"><div class=\"uagb-faq-questions-button uagb-faq-questions\">\t\t\t<span class=\"uagb-icon uagb-faq-icon-wrap\">\n\t\t\t\t\t\t\t<\/span>\n\t\t\t\t\t\t<span class=\"uagb-icon-active uagb-faq-icon-wrap\">\n\t\t\t\t\t\t\t\t<svg xmlns=\"https:\/\/www.w3.org\/2000\/svg\" viewBox= \"0 0 320 512\"><path d=\"M9.39 265.4l127.1-128C143.6 131.1 151.8 128 160 128s16.38 3.125 22.63 9.375l127.1 128c9.156 9.156 11.9 22.91 6.943 34.88S300.9 320 287.1 320H32.01c-12.94 0-24.62-7.781-29.58-19.75S.2333 274.5 9.39 265.4z\"><\/path><\/svg>\n\t\t\t\t\t\t\t<\/span>\n\t\t\t<span class=\"uagb-question\">Si ils pleuve, le survol aura-t&#8217;il lieu?<\/span><\/div><div class=\"uagb-faq-content\"><p>Cela d\u00e9pend des conditions de visibilit\u00e9 et de la couverture nuageuse, nous offrons des survols panoramique alors nous favorisons les meilleurs condition possible afin d&#8217;offrir une belle exp\u00e9rience visuel. Si possible, selon nos disponibilit\u00e9s et votre emploie du temp nous d\u00e9placerons le vol sinon nous vous rembourserons la totalit\u00e9.<\/p><\/div><\/div><div class=\"wp-block-uagb-faq-child uagb-faq-child__outer-wrap uagb-faq-item uagb-block-4c106fce \" role=\"tab\" tabindex=\"0\"><div class=\"uagb-faq-questions-button uagb-faq-questions\">\t\t\t<span class=\"uagb-icon uagb-faq-icon-wrap\">\n\t\t\t\t\t\t\t<\/span>\n\t\t\t\t\t\t<span class=\"uagb-icon-active uagb-faq-icon-wrap\">\n\t\t\t\t\t\t\t\t<svg xmlns=\"https:\/\/www.w3.org\/2000\/svg\" viewBox= \"0 0 320 512\"><path d=\"M9.39 265.4l127.1-128C143.6 131.1 151.8 128 160 128s16.38 3.125 22.63 9.375l127.1 128c9.156 9.156 11.9 22.91 6.943 34.88S300.9 320 287.1 320H32.01c-12.94 0-24.62-7.781-29.58-19.75S.2333 274.5 9.39 265.4z\"><\/path><\/svg>\n\t\t\t\t\t\t\t<\/span>\n\t\t\t<span class=\"uagb-question\">\u00c0 Quel moment de la journ\u00e9e ils est pr\u00e9f\u00e9rable de r\u00e9server si je souhaite un vol calme?<\/span><\/div><div class=\"uagb-faq-content\"><p>En g\u00e9n\u00e9ral les d\u00e9but et fin de journ\u00e9e sont plus favorable pour offrir une exp\u00e9rience de vol calme.<\/p><\/div><\/div><div class=\"wp-block-uagb-faq-child uagb-faq-child__outer-wrap uagb-faq-item uagb-block-3a73a70a \" role=\"tab\" tabindex=\"0\"><div class=\"uagb-faq-questions-button uagb-faq-questions\">\t\t\t<span class=\"uagb-icon uagb-faq-icon-wrap\">\n\t\t\t\t\t\t\t<\/span>\n\t\t\t\t\t\t<span class=\"uagb-icon-active uagb-faq-icon-wrap\">\n\t\t\t\t\t\t\t\t<svg xmlns=\"https:\/\/www.w3.org\/2000\/svg\" viewBox= \"0 0 320 512\"><path d=\"M9.39 265.4l127.1-128C143.6 131.1 151.8 128 160 128s16.38 3.125 22.63 9.375l127.1 128c9.156 9.156 11.9 22.91 6.943 34.88S300.9 320 287.1 320H32.01c-12.94 0-24.62-7.781-29.58-19.75S.2333 274.5 9.39 265.4z\"><\/path><\/svg>\n\t\t\t\t\t\t\t<\/span>\n\t\t\t<span class=\"uagb-question\">\u00c0 Quel moment de la journ\u00e9e ils est pr\u00e9f\u00e9rable de r\u00e9server si je souhaite avoir les meilleurs condition possible pour voir des baleines?<\/span><\/div><div class=\"uagb-faq-content\"><p>\n<div class=\"wp-block-uagb-faq-child uagb-faq-child__outer-wrap uagb-faq-item uagb-block-60ae646a\" role=\"tab\"><div class=\"uagb-faq-questions-button uagb-faq-questions\"><span class=\"uagb-icon uagb-faq-icon-wrap\"><\/span><span class=\"uagb-icon-active uagb-faq-icon-wrap\"><\/span><span class=\"uagb-question\">At what time of day is it best to book if I want to have the best possible conditions to see whales?<\/span><\/div><p class=\"uagb-faq-content\">Several factors influence the possibility of seeing whales.<br><br>&#8211; Calm conditions, the less waves there are, the easier it is to find and see the whales.<br>&#8211; In the middle of the day, the sun shines vertically and helps to see well into the water.<\/p><\/div>\n<\/p><\/div><\/div><div class=\"wp-block-uagb-faq-child uagb-faq-child__outer-wrap uagb-faq-item uagb-block-eb6b5379 \" role=\"tab\" tabindex=\"0\"><div class=\"uagb-faq-questions-button uagb-faq-questions\">\t\t\t<span class=\"uagb-icon uagb-faq-icon-wrap\">\n\t\t\t\t\t\t\t<\/span>\n\t\t\t\t\t\t<span class=\"uagb-icon-active uagb-faq-icon-wrap\">\n\t\t\t\t\t\t\t\t<svg xmlns=\"https:\/\/www.w3.org\/2000\/svg\" viewBox= \"0 0 320 512\"><path d=\"M9.39 265.4l127.1-128C143.6 131.1 151.8 128 160 128s16.38 3.125 22.63 9.375l127.1 128c9.156 9.156 11.9 22.91 6.943 34.88S300.9 320 287.1 320H32.01c-12.94 0-24.62-7.781-29.58-19.75S.2333 274.5 9.39 265.4z\"><\/path><\/svg>\n\t\t\t\t\t\t\t<\/span>\n\t\t\t<span class=\"uagb-question\">\u00c0 Quel moment de la journ\u00e9e ils est pr\u00e9f\u00e9rable de r\u00e9server si je souhaite avoir les meilleurs condition possible pour prendre des photos et admir\u00e9 le paysage.<\/span><\/div><div class=\"uagb-faq-content\"><p>Les d\u00e9but et fin de journ\u00e9e sont empreint de couleurs chaleureuse et les ombrage nous permet de contrast\u00e9 le relief, cela nous offres un d\u00e9cor extraordinaire.<\/p><\/div><\/div><div class=\"wp-block-uagb-faq-child uagb-faq-child__outer-wrap uagb-faq-item uagb-block-d8bc8390 \" role=\"tab\" tabindex=\"0\"><div class=\"uagb-faq-questions-button uagb-faq-questions\">\t\t\t<span class=\"uagb-icon uagb-faq-icon-wrap\">\n\t\t\t\t\t\t\t<\/span>\n\t\t\t\t\t\t<span class=\"uagb-icon-active uagb-faq-icon-wrap\">\n\t\t\t\t\t\t\t\t<svg xmlns=\"https:\/\/www.w3.org\/2000\/svg\" viewBox= \"0 0 320 512\"><path d=\"M9.39 265.4l127.1-128C143.6 131.1 151.8 128 160 128s16.38 3.125 22.63 9.375l127.1 128c9.156 9.156 11.9 22.91 6.943 34.88S300.9 320 287.1 320H32.01c-12.94 0-24.62-7.781-29.58-19.75S.2333 274.5 9.39 265.4z\"><\/path><\/svg>\n\t\t\t\t\t\t\t<\/span>\n\t\t\t<span class=\"uagb-question\">Est-il possible de faire un parcours diff\u00e9rent de ce qui est propos\u00e9?<\/span><\/div><div class=\"uagb-faq-content\"><p>Toute \u00e0 fait! d\u00e9terminer le parcours qui vous convient et communiqu\u00e9 avec nous. <a href=\"mailto:info@totemaviation.com\" target=\"_blank\" rel=\"noreferrer noopener\">info@totemaviation.com<\/a>.<\/p><\/div><\/div><\/div><\/div><\/div>\n","protected":false},"excerpt":{"rendered":"<p>Activit\u00e9s \u00c0 partir de 55$\/personne \u00c0 partir de 98$\/personne \u00c0 partir de 143$\/personne Vous voudriez d\u00e9couvrir la C\u00f4te-Nord d&#8217;une nouvelle fa\u00e7on ? N&#8217;attendez plus et r\u00e9servez votre excursion d\u00e8s maintenant ! \u00c0 partir de 227$\/personne Manic 5 est situ\u00e9 au nord, \u00e0 265 km \u00e0 vol d&#8217;oiseau de nos installations. Tout au long de cette [&hellip;]<\/p>\n","protected":false},"author":1,"featured_media":0,"parent":0,"menu_order":0,"comment_status":"closed","ping_status":"closed","template":"","meta":{"_uag_custom_page_level_css":"","site-sidebar-layout":"default","site-content-layout":"page-builder","ast-site-content-layout":"","site-content-style":"default","site-sidebar-style":"default","ast-global-header-display":"","ast-banner-title-visibility":"","ast-main-header-display":"","ast-hfb-above-header-display":"","ast-hfb-below-header-display":"","ast-hfb-mobile-header-display":"","site-post-title":"disabled","ast-breadcrumbs-content":"","ast-featured-img":"","footer-sml-layout":"","theme-transparent-header-meta":"","adv-header-id-meta":"","stick-header-meta":"","header-above-stick-meta":"","header-main-stick-meta":"","header-below-stick-meta":"","astra-migrate-meta-layouts":"default","ast-page-background-enabled":"default","ast-page-background-meta":{"desktop":{"background-color":"","background-image":"","background-repeat":"repeat","background-position":"center center","background-size":"auto","background-attachment":"scroll","background-type":"","background-media":"","overlay-type":"","overlay-color":"","overlay-opacity":"","overlay-gradient":""},"tablet":{"background-color":"","background-image":"","background-repeat":"repeat","background-position":"center center","background-size":"auto","background-attachment":"scroll","background-type":"","background-media":"","overlay-type":"","overlay-color":"","overlay-opacity":"","overlay-gradient":""},"mobile":{"background-color":"","background-image":"","background-repeat":"repeat","background-position":"center center","background-size":"auto","background-attachment":"scroll","background-type":"","background-media":"","overlay-type":"","overlay-color":"","overlay-opacity":"","overlay-gradient":""}},"ast-content-background-meta":{"desktop":{"background-color":"var(--ast-global-color-5)","background-image":"","background-repeat":"repeat","background-position":"center center","background-size":"auto","background-attachment":"scroll","background-type":"","background-media":"","overlay-type":"","overlay-color":"","overlay-opacity":"","overlay-gradient":""},"tablet":{"background-color":"var(--ast-global-color-5)","background-image":"","background-repeat":"repeat","background-position":"center center","background-size":"auto","background-attachment":"scroll","background-type":"","background-media":"","overlay-type":"","overlay-color":"","overlay-opacity":"","overlay-gradient":""},"mobile":{"background-color":"var(--ast-global-color-5)","background-image":"","background-repeat":"repeat","background-position":"center center","background-size":"auto","background-attachment":"scroll","background-type":"","background-media":"","overlay-type":"","overlay-color":"","overlay-opacity":"","overlay-gradient":""}},"footnotes":""},"categories":[],"tags":[49],"class_list":["post-969","page","type-page","status-publish","hentry","tag-activities"],"aioseo_notices":[],"uagb_featured_image_src":{"full":false,"thumbnail":false,"medium":false,"medium_large":false,"large":false,"1536x1536":false,"2048x2048":false,"awb_sm":false,"awb_md":false,"awb_lg":false,"awb_xl":false},"uagb_author_info":{"display_name":"admin","author_link":"https:\/\/www.totemaviation.ca\/en\/author\/admin\/"},"uagb_comment_info":0,"uagb_excerpt":"Activit\u00e9s \u00c0 partir de 55$\/personne \u00c0 partir de 98$\/personne \u00c0 partir de 143$\/personne Vous voudriez d\u00e9couvrir la C\u00f4te-Nord d&#8217;une nouvelle fa\u00e7on ? N&#8217;attendez plus et r\u00e9servez votre excursion d\u00e8s maintenant ! \u00c0 partir de 227$\/personne Manic 5 est situ\u00e9 au nord, \u00e0 265 km \u00e0 vol d&#8217;oiseau de nos installations. Tout au long de cette&hellip;","_links":{"self":[{"href":"https:\/\/www.totemaviation.ca\/en\/wp-json\/wp\/v2\/pages\/969","targetHints":{"allow":["GET"]}}],"collection":[{"href":"https:\/\/www.totemaviation.ca\/en\/wp-json\/wp\/v2\/pages"}],"about":[{"href":"https:\/\/www.totemaviation.ca\/en\/wp-json\/wp\/v2\/types\/page"}],"author":[{"embeddable":true,"href":"https:\/\/www.totemaviation.ca\/en\/wp-json\/wp\/v2\/users\/1"}],"replies":[{"embeddable":true,"href":"https:\/\/www.totemaviation.ca\/en\/wp-json\/wp\/v2\/comments?post=969"}],"version-history":[{"count":1,"href":"https:\/\/www.totemaviation.ca\/en\/wp-json\/wp\/v2\/pages\/969\/revisions"}],"predecessor-version":[{"id":3527,"href":"https:\/\/www.totemaviation.ca\/en\/wp-json\/wp\/v2\/pages\/969\/revisions\/3527"}],"wp:attachment":[{"href":"https:\/\/www.totemaviation.ca\/en\/wp-json\/wp\/v2\/media?parent=969"}],"wp:term":[{"taxonomy":"category","embeddable":true,"href":"https:\/\/www.totemaviation.ca\/en\/wp-json\/wp\/v2\/categories?post=969"},{"taxonomy":"post_tag","embeddable":true,"href":"https:\/\/www.totemaviation.ca\/en\/wp-json\/wp\/v2\/tags?post=969"}],"curies":[{"name":"wp","href":"https:\/\/api.w.org\/{rel}","templated":true}]}}